{"id":9,"date":"2018-04-18T17:30:52","date_gmt":"2018-04-18T17:30:52","guid":{"rendered":"http:\/\/www.der-probsteier-baecker.de\/?page_id=9"},"modified":"2018-05-21T15:50:55","modified_gmt":"2018-05-21T15:50:55","slug":"produkte","status":"publish","type":"page","link":"http:\/\/www.der-probsteier-baecker.de\/?page_id=9","title":{"rendered":"Produkte"},"content":{"rendered":"<p>Herzlich willkommen beim Probsteier B\u00e4cker. Auf dieser Seite m\u00f6chten wir ihnen gern eine Auswahl unserer Br\u00f6tchenspezialit\u00e4ten vorstellen.<\/p>\n<h2>Belegte Br\u00f6tchen<\/h2>\n<style type=\"text\/css\">\n#foogallery-gallery-74 .fg-image { width: 150px; }\n#foogallery-gallery-74 { --fg-gutter: 10px; }<\/style>\n\t\t\t<div class=\"foogallery foogallery-container foogallery-default foogallery-lightbox-none fg-center fg-default fg-ready fg-light fg-border-thin fg-shadow-outline fg-loading-default fg-loaded-fade-in fg-caption-hover fg-hover-fade fg-hover-zoom\" id=\"foogallery-gallery-74\" data-foogallery=\"{&quot;item&quot;:{&quot;showCaptionTitle&quot;:true,&quot;showCaptionDescription&quot;:true},&quot;lazy&quot;:true}\" style=\"--fg-title-line-clamp: 0; --fg-description-line-clamp: 0;\" >\n\t<div class=\"fg-item fg-type-image fg-idle\"><figure class=\"fg-item-inner\"><a href=\"http:\/\/www.der-probsteier-baecker.de\/wp-content\/uploads\/2018\/05\/20170326_100238.jpg\" target=\"foobox\" data-caption-title=\"Belegte Br\u00f6tchen\" data-caption-desc=\"Belegte Br\u00f6tchen vom Probsteier B\u00e4cker sind stets ein Higlight, egal zu welchem Anlass.\" data-attachment-id=\"75\" data-type=\"image\" class=\"fg-thumb\"><span class=\"fg-image-wrap\"><img title=\"Belegte Br\u00f6tchen\" width=\"150\" height=\"150\" class=\"skip-lazy fg-image\" data-src-fg=\"http:\/\/www.der-probsteier-baecker.de\/wp-content\/uploads\/cache\/2018\/05\/20170326_100238\/3922381611.jpg\" src=\"data:image\/svg+xml,%3Csvg%20xmlns%3D%22http%3A%2F%2Fwww.w3.org%2F2000%2Fsvg%22%20width%3D%22150%22%20height%3D%22150%22%20viewBox%3D%220%200%20150%20150%22%3E%3C%2Fsvg%3E\" loading=\"eager\"><\/span><span class=\"fg-image-overlay\"><\/span><\/a><figcaption class=\"fg-caption\"><div class=\"fg-caption-inner\"><div class=\"fg-caption-title\">Belegte Br\u00f6tchen<\/div><div class=\"fg-caption-desc\">Belegte Br\u00f6tchen vom Probsteier B\u00e4cker sind stets ein Higlight, egal zu welchem Anlass.<\/div><\/div><\/figcaption><\/figure><div class=\"fg-loader\"><\/div><\/div><div class=\"fg-item fg-type-image fg-idle\"><figure class=\"fg-item-inner\"><a href=\"http:\/\/www.der-probsteier-baecker.de\/wp-content\/uploads\/2018\/05\/20170326_100202.jpg\" target=\"foobox\" data-caption-title=\"Belegte Br\u00f6tchen\" data-caption-desc=\"Belegte Br\u00f6tchen vom Probsteier B\u00e4cker sind stets ein Higlight, egal zu welchem Anlass.\" data-attachment-id=\"76\" data-type=\"image\" class=\"fg-thumb\"><span class=\"fg-image-wrap\"><img title=\"Belegte Br\u00f6tchen\" width=\"150\" height=\"150\" class=\"skip-lazy fg-image\" data-src-fg=\"http:\/\/www.der-probsteier-baecker.de\/wp-content\/uploads\/cache\/2018\/05\/20170326_100202\/903711786.jpg\" src=\"data:image\/svg+xml,%3Csvg%20xmlns%3D%22http%3A%2F%2Fwww.w3.org%2F2000%2Fsvg%22%20width%3D%22150%22%20height%3D%22150%22%20viewBox%3D%220%200%20150%20150%22%3E%3C%2Fsvg%3E\" loading=\"eager\"><\/span><span class=\"fg-image-overlay\"><\/span><\/a><figcaption class=\"fg-caption\"><div class=\"fg-caption-inner\"><div class=\"fg-caption-title\">Belegte Br\u00f6tchen<\/div><div class=\"fg-caption-desc\">Belegte Br\u00f6tchen vom Probsteier B\u00e4cker sind stets ein Higlight, egal zu welchem Anlass.<\/div><\/div><\/figcaption><\/figure><div class=\"fg-loader\"><\/div><\/div><div class=\"fg-item fg-type-image fg-idle\"><figure class=\"fg-item-inner\"><a href=\"http:\/\/www.der-probsteier-baecker.de\/wp-content\/uploads\/2018\/05\/20170326_100213.jpg\" target=\"foobox\" data-caption-title=\"Belegte Br\u00f6tchen\" data-caption-desc=\"Belegte Br\u00f6tchen vom Probsteier B\u00e4cker sind stets ein Higlight, egal zu welchem Anlass.\" data-attachment-id=\"77\" data-type=\"image\" class=\"fg-thumb\"><span class=\"fg-image-wrap\"><img title=\"Belegte Br\u00f6tchen\" width=\"150\" height=\"150\" class=\"skip-lazy fg-image\" data-src-fg=\"http:\/\/www.der-probsteier-baecker.de\/wp-content\/uploads\/cache\/2018\/05\/20170326_100213\/1961510860.jpg\" src=\"data:image\/svg+xml,%3Csvg%20xmlns%3D%22http%3A%2F%2Fwww.w3.org%2F2000%2Fsvg%22%20width%3D%22150%22%20height%3D%22150%22%20viewBox%3D%220%200%20150%20150%22%3E%3C%2Fsvg%3E\" loading=\"eager\"><\/span><span class=\"fg-image-overlay\"><\/span><\/a><figcaption class=\"fg-caption\"><div class=\"fg-caption-inner\"><div class=\"fg-caption-title\">Belegte Br\u00f6tchen<\/div><div class=\"fg-caption-desc\">Belegte Br\u00f6tchen vom Probsteier B\u00e4cker sind stets ein Higlight, egal zu welchem Anlass.<\/div><\/div><\/figcaption><\/figure><div class=\"fg-loader\"><\/div><\/div><div class=\"fg-item fg-type-image fg-idle\"><figure class=\"fg-item-inner\"><a href=\"http:\/\/www.der-probsteier-baecker.de\/wp-content\/uploads\/2018\/05\/20170326_100224.jpg\" target=\"foobox\" data-caption-title=\"Belegte Br\u00f6tchen\" data-caption-desc=\"Belegte Br\u00f6tchen vom Probsteier B\u00e4cker sind stets ein Higlight, egal zu welchem Anlass.\" data-attachment-id=\"78\" data-type=\"image\" class=\"fg-thumb\"><span class=\"fg-image-wrap\"><img title=\"Belegte Br\u00f6tchen\" width=\"150\" height=\"150\" class=\"skip-lazy fg-image\" data-src-fg=\"http:\/\/www.der-probsteier-baecker.de\/wp-content\/uploads\/cache\/2018\/05\/20170326_100224\/971018093.jpg\" src=\"data:image\/svg+xml,%3Csvg%20xmlns%3D%22http%3A%2F%2Fwww.w3.org%2F2000%2Fsvg%22%20width%3D%22150%22%20height%3D%22150%22%20viewBox%3D%220%200%20150%20150%22%3E%3C%2Fsvg%3E\" loading=\"eager\"><\/span><span class=\"fg-image-overlay\"><\/span><\/a><figcaption class=\"fg-caption\"><div class=\"fg-caption-inner\"><div class=\"fg-caption-title\">Belegte Br\u00f6tchen<\/div><div class=\"fg-caption-desc\">Belegte Br\u00f6tchen vom Probsteier B\u00e4cker sind stets ein Higlight, egal zu welchem Anlass.<\/div><\/div><\/figcaption><\/figure><div class=\"fg-loader\"><\/div><\/div><div class=\"fg-item fg-type-image fg-idle\"><figure class=\"fg-item-inner\"><a href=\"http:\/\/www.der-probsteier-baecker.de\/wp-content\/uploads\/2018\/05\/20170326_100231.jpg\" target=\"foobox\" data-caption-title=\"Belegte Br\u00f6tchen\" data-caption-desc=\"Belegte Br\u00f6tchen vom Probsteier B\u00e4cker sind stets ein Higlight, egal zu welchem Anlass.\" data-attachment-id=\"79\" data-type=\"image\" class=\"fg-thumb\"><span class=\"fg-image-wrap\"><img title=\"Belegte Br\u00f6tchen\" width=\"150\" height=\"150\" class=\"skip-lazy fg-image\" data-src-fg=\"http:\/\/www.der-probsteier-baecker.de\/wp-content\/uploads\/cache\/2018\/05\/20170326_100231\/4238166641.jpg\" src=\"data:image\/svg+xml,%3Csvg%20xmlns%3D%22http%3A%2F%2Fwww.w3.org%2F2000%2Fsvg%22%20width%3D%22150%22%20height%3D%22150%22%20viewBox%3D%220%200%20150%20150%22%3E%3C%2Fsvg%3E\" loading=\"eager\"><\/span><span class=\"fg-image-overlay\"><\/span><\/a><figcaption class=\"fg-caption\"><div class=\"fg-caption-inner\"><div class=\"fg-caption-title\">Belegte Br\u00f6tchen<\/div><div class=\"fg-caption-desc\">Belegte Br\u00f6tchen vom Probsteier B\u00e4cker sind stets ein Higlight, egal zu welchem Anlass.<\/div><\/div><\/figcaption><\/figure><div class=\"fg-loader\"><\/div><\/div><\/div>\n\n<h2>Br\u00f6tchen<\/h2>\n<style type=\"text\/css\">\n#foogallery-gallery-83 .fg-image { width: 150px; }\n#foogallery-gallery-83 { --fg-gutter: 10px; }<\/style>\n\t\t\t<div class=\"foogallery foogallery-container foogallery-default foogallery-lightbox-none fg-center fg-default fg-ready fg-light fg-border-thin fg-shadow-outline fg-loading-default fg-loaded-fade-in fg-caption-hover fg-hover-fade fg-hover-zoom\" id=\"foogallery-gallery-83\" data-foogallery=\"{&quot;item&quot;:{&quot;showCaptionTitle&quot;:true,&quot;showCaptionDescription&quot;:true},&quot;lazy&quot;:true}\" style=\"--fg-title-line-clamp: 0; --fg-description-line-clamp: 0;\" >\n\t<div class=\"fg-item fg-type-image fg-idle\"><figure class=\"fg-item-inner\"><a href=\"http:\/\/www.der-probsteier-baecker.de\/wp-content\/uploads\/2018\/05\/Bild018.jpg\" target=\"foobox\" data-caption-title=\"Br\u00f6tchen vom Probsteier B\u00e4cker\" data-caption-desc=\"Br\u00f6tchen vom Probsteier B\u00e4cker: Geschmackvoll von der Krume bis ins Korn.\" data-attachment-id=\"84\" data-type=\"image\" class=\"fg-thumb\"><span class=\"fg-image-wrap\"><img title=\"Br\u00f6tchen vom Probsteier B\u00e4cker\" width=\"150\" height=\"150\" class=\"skip-lazy fg-image\" data-src-fg=\"http:\/\/www.der-probsteier-baecker.de\/wp-content\/uploads\/cache\/2018\/05\/Bild018\/3091973992.jpg\" src=\"data:image\/svg+xml,%3Csvg%20xmlns%3D%22http%3A%2F%2Fwww.w3.org%2F2000%2Fsvg%22%20width%3D%22150%22%20height%3D%22150%22%20viewBox%3D%220%200%20150%20150%22%3E%3C%2Fsvg%3E\" loading=\"eager\"><\/span><span class=\"fg-image-overlay\"><\/span><\/a><figcaption class=\"fg-caption\"><div class=\"fg-caption-inner\"><div class=\"fg-caption-title\">Br\u00f6tchen vom Probsteier B\u00e4cker<\/div><div class=\"fg-caption-desc\">Br\u00f6tchen vom Probsteier B\u00e4cker: Geschmackvoll von der Krume bis ins Korn.<\/div><\/div><\/figcaption><\/figure><div class=\"fg-loader\"><\/div><\/div><div class=\"fg-item fg-type-image fg-idle\"><figure class=\"fg-item-inner\"><a href=\"http:\/\/www.der-probsteier-baecker.de\/wp-content\/uploads\/2018\/05\/Bild020.jpg\" target=\"foobox\" data-caption-title=\"Br\u00f6tchen vom Probsteier B\u00e4cker\" data-caption-desc=\"Br\u00f6tchen vom Probsteier B\u00e4cker: Geschmackvoll von der Krume bis ins Korn.\" data-attachment-id=\"85\" data-type=\"image\" class=\"fg-thumb\"><span class=\"fg-image-wrap\"><img title=\"Br\u00f6tchen vom Probsteier B\u00e4cker\" width=\"150\" height=\"150\" class=\"skip-lazy fg-image\" data-src-fg=\"http:\/\/www.der-probsteier-baecker.de\/wp-content\/uploads\/cache\/2018\/05\/Bild020\/3473175355.jpg\" src=\"data:image\/svg+xml,%3Csvg%20xmlns%3D%22http%3A%2F%2Fwww.w3.org%2F2000%2Fsvg%22%20width%3D%22150%22%20height%3D%22150%22%20viewBox%3D%220%200%20150%20150%22%3E%3C%2Fsvg%3E\" loading=\"eager\"><\/span><span class=\"fg-image-overlay\"><\/span><\/a><figcaption class=\"fg-caption\"><div class=\"fg-caption-inner\"><div class=\"fg-caption-title\">Br\u00f6tchen vom Probsteier B\u00e4cker<\/div><div class=\"fg-caption-desc\">Br\u00f6tchen vom Probsteier B\u00e4cker: Geschmackvoll von der Krume bis ins Korn.<\/div><\/div><\/figcaption><\/figure><div class=\"fg-loader\"><\/div><\/div><div class=\"fg-item fg-type-image fg-idle\"><figure class=\"fg-item-inner\"><a href=\"http:\/\/www.der-probsteier-baecker.de\/wp-content\/uploads\/2018\/05\/Dinkel-Honig.jpg\" target=\"foobox\" data-caption-title=\"Br\u00f6tchen vom Probsteier B\u00e4cker\" data-caption-desc=\"Br\u00f6tchen vom Probsteier B\u00e4cker: Geschmackvoll von der Krume bis ins Korn.\" data-attachment-id=\"86\" data-type=\"image\" class=\"fg-thumb\"><span class=\"fg-image-wrap\"><img title=\"Br\u00f6tchen vom Probsteier B\u00e4cker\" width=\"150\" height=\"150\" class=\"skip-lazy fg-image\" data-src-fg=\"http:\/\/www.der-probsteier-baecker.de\/wp-content\/uploads\/cache\/2018\/05\/Dinkel-Honig\/4145292357.jpg\" src=\"data:image\/svg+xml,%3Csvg%20xmlns%3D%22http%3A%2F%2Fwww.w3.org%2F2000%2Fsvg%22%20width%3D%22150%22%20height%3D%22150%22%20viewBox%3D%220%200%20150%20150%22%3E%3C%2Fsvg%3E\" loading=\"eager\"><\/span><span class=\"fg-image-overlay\"><\/span><\/a><figcaption class=\"fg-caption\"><div class=\"fg-caption-inner\"><div class=\"fg-caption-title\">Br\u00f6tchen vom Probsteier B\u00e4cker<\/div><div class=\"fg-caption-desc\">Br\u00f6tchen vom Probsteier B\u00e4cker: Geschmackvoll von der Krume bis ins Korn.<\/div><\/div><\/figcaption><\/figure><div class=\"fg-loader\"><\/div><\/div><div class=\"fg-item fg-type-image fg-idle\"><figure class=\"fg-item-inner\"><a href=\"http:\/\/www.der-probsteier-baecker.de\/wp-content\/uploads\/2018\/05\/IMG_0643.jpg\" target=\"foobox\" data-caption-title=\"Br\u00f6tchen vom Probsteier B\u00e4cker\" data-caption-desc=\"Br\u00f6tchen vom Probsteier B\u00e4cker: Geschmackvoll von der Krume bis ins Korn.\" data-attachment-id=\"87\" data-type=\"image\" class=\"fg-thumb\"><span class=\"fg-image-wrap\"><img title=\"Br\u00f6tchen vom Probsteier B\u00e4cker\" width=\"150\" height=\"150\" class=\"skip-lazy fg-image\" data-src-fg=\"http:\/\/www.der-probsteier-baecker.de\/wp-content\/uploads\/cache\/2018\/05\/IMG_0643\/2995240976.jpg\" src=\"data:image\/svg+xml,%3Csvg%20xmlns%3D%22http%3A%2F%2Fwww.w3.org%2F2000%2Fsvg%22%20width%3D%22150%22%20height%3D%22150%22%20viewBox%3D%220%200%20150%20150%22%3E%3C%2Fsvg%3E\" loading=\"eager\"><\/span><span class=\"fg-image-overlay\"><\/span><\/a><figcaption class=\"fg-caption\"><div class=\"fg-caption-inner\"><div class=\"fg-caption-title\">Br\u00f6tchen vom Probsteier B\u00e4cker<\/div><div class=\"fg-caption-desc\">Br\u00f6tchen vom Probsteier B\u00e4cker: Geschmackvoll von der Krume bis ins Korn.<\/div><\/div><\/figcaption><\/figure><div class=\"fg-loader\"><\/div><\/div><div class=\"fg-item fg-type-image fg-idle\"><figure class=\"fg-item-inner\"><a href=\"http:\/\/www.der-probsteier-baecker.de\/wp-content\/uploads\/2018\/05\/IMG_0645.jpg\" target=\"foobox\" data-caption-title=\"Br\u00f6tchen vom Probsteier B\u00e4cker\" data-caption-desc=\"Br\u00f6tchen vom Probsteier B\u00e4cker: Geschmackvoll von der Krume bis ins Korn.\" data-attachment-id=\"88\" data-type=\"image\" class=\"fg-thumb\"><span class=\"fg-image-wrap\"><img title=\"Br\u00f6tchen vom Probsteier B\u00e4cker\" width=\"150\" height=\"150\" class=\"skip-lazy fg-image\" data-src-fg=\"http:\/\/www.der-probsteier-baecker.de\/wp-content\/uploads\/cache\/2018\/05\/IMG_0645\/3110650237.jpg\" src=\"data:image\/svg+xml,%3Csvg%20xmlns%3D%22http%3A%2F%2Fwww.w3.org%2F2000%2Fsvg%22%20width%3D%22150%22%20height%3D%22150%22%20viewBox%3D%220%200%20150%20150%22%3E%3C%2Fsvg%3E\" loading=\"eager\"><\/span><span class=\"fg-image-overlay\"><\/span><\/a><figcaption class=\"fg-caption\"><div class=\"fg-caption-inner\"><div class=\"fg-caption-title\">Br\u00f6tchen vom Probsteier B\u00e4cker<\/div><div class=\"fg-caption-desc\">Br\u00f6tchen vom Probsteier B\u00e4cker: Geschmackvoll von der Krume bis ins Korn.<\/div><\/div><\/figcaption><\/figure><div class=\"fg-loader\"><\/div><\/div><div class=\"fg-item fg-type-image fg-idle\"><figure class=\"fg-item-inner\"><a href=\"http:\/\/www.der-probsteier-baecker.de\/wp-content\/uploads\/2018\/05\/IMG_0646.jpg\" data-caption-title=\"Br\u00f6tchen vom Probsteier B\u00e4cker\" data-caption-desc=\"Br\u00f6tchen vom Probsteier B\u00e4cker: Geschmackvoll von der Krume bis ins Korn.\" data-attachment-id=\"89\" data-type=\"image\" class=\"fg-thumb\"><span class=\"fg-image-wrap\"><img title=\"Br\u00f6tchen vom Probsteier B\u00e4cker\" width=\"150\" height=\"150\" class=\"skip-lazy fg-image\" data-src-fg=\"http:\/\/www.der-probsteier-baecker.de\/wp-content\/uploads\/cache\/2018\/05\/IMG_0646\/2501742719.jpg\" src=\"data:image\/svg+xml,%3Csvg%20xmlns%3D%22http%3A%2F%2Fwww.w3.org%2F2000%2Fsvg%22%20width%3D%22150%22%20height%3D%22150%22%20viewBox%3D%220%200%20150%20150%22%3E%3C%2Fsvg%3E\" loading=\"eager\"><\/span><span class=\"fg-image-overlay\"><\/span><\/a><figcaption class=\"fg-caption\"><div class=\"fg-caption-inner\"><div class=\"fg-caption-title\">Br\u00f6tchen vom Probsteier B\u00e4cker<\/div><div class=\"fg-caption-desc\">Br\u00f6tchen vom Probsteier B\u00e4cker: Geschmackvoll von der Krume bis ins Korn.<\/div><\/div><\/figcaption><\/figure><div class=\"fg-loader\"><\/div><\/div><div class=\"fg-item fg-type-image fg-idle\"><figure class=\"fg-item-inner\"><a href=\"http:\/\/www.der-probsteier-baecker.de\/wp-content\/uploads\/2018\/05\/IMG_0653.jpg\" target=\"foobox\" data-caption-title=\"Br\u00f6tchen vom Probsteier B\u00e4cker\" data-caption-desc=\"Br\u00f6tchen vom Probsteier B\u00e4cker: Geschmackvoll von der Krume bis ins Korn.\" data-attachment-id=\"91\" data-type=\"image\" class=\"fg-thumb\"><span class=\"fg-image-wrap\"><img title=\"Br\u00f6tchen vom Probsteier B\u00e4cker\" width=\"150\" height=\"150\" class=\"skip-lazy fg-image\" data-src-fg=\"http:\/\/www.der-probsteier-baecker.de\/wp-content\/uploads\/cache\/2018\/05\/IMG_0653\/179045935.jpg\" src=\"data:image\/svg+xml,%3Csvg%20xmlns%3D%22http%3A%2F%2Fwww.w3.org%2F2000%2Fsvg%22%20width%3D%22150%22%20height%3D%22150%22%20viewBox%3D%220%200%20150%20150%22%3E%3C%2Fsvg%3E\" loading=\"eager\"><\/span><span class=\"fg-image-overlay\"><\/span><\/a><figcaption class=\"fg-caption\"><div class=\"fg-caption-inner\"><div class=\"fg-caption-title\">Br\u00f6tchen vom Probsteier B\u00e4cker<\/div><div class=\"fg-caption-desc\">Br\u00f6tchen vom Probsteier B\u00e4cker: Geschmackvoll von der Krume bis ins Korn.<\/div><\/div><\/figcaption><\/figure><div class=\"fg-loader\"><\/div><\/div><div class=\"fg-item fg-type-image fg-idle\"><figure class=\"fg-item-inner\"><a href=\"http:\/\/www.der-probsteier-baecker.de\/wp-content\/uploads\/2018\/05\/IMG_0654.jpg\" target=\"foobox\" data-caption-title=\"Br\u00f6tchen vom Probsteier B\u00e4cker\" data-caption-desc=\"Br\u00f6tchen vom Probsteier B\u00e4cker: Geschmackvoll von der Krume bis ins Korn.\" data-attachment-id=\"92\" data-type=\"image\" class=\"fg-thumb\"><span class=\"fg-image-wrap\"><img title=\"Br\u00f6tchen vom Probsteier B\u00e4cker\" width=\"150\" height=\"150\" class=\"skip-lazy fg-image\" data-src-fg=\"http:\/\/www.der-probsteier-baecker.de\/wp-content\/uploads\/cache\/2018\/05\/IMG_0654\/1008136788.jpg\" src=\"data:image\/svg+xml,%3Csvg%20xmlns%3D%22http%3A%2F%2Fwww.w3.org%2F2000%2Fsvg%22%20width%3D%22150%22%20height%3D%22150%22%20viewBox%3D%220%200%20150%20150%22%3E%3C%2Fsvg%3E\" loading=\"eager\"><\/span><span class=\"fg-image-overlay\"><\/span><\/a><figcaption class=\"fg-caption\"><div class=\"fg-caption-inner\"><div class=\"fg-caption-title\">Br\u00f6tchen vom Probsteier B\u00e4cker<\/div><div class=\"fg-caption-desc\">Br\u00f6tchen vom Probsteier B\u00e4cker: Geschmackvoll von der Krume bis ins Korn.<\/div><\/div><\/figcaption><\/figure><div class=\"fg-loader\"><\/div><\/div><div class=\"fg-item fg-type-image fg-idle\"><figure class=\"fg-item-inner\"><a href=\"http:\/\/www.der-probsteier-baecker.de\/wp-content\/uploads\/2018\/05\/IMG_0655.jpg\" target=\"foobox\" data-caption-title=\"Br\u00f6tchen vom Probsteier B\u00e4cker\" data-caption-desc=\"Br\u00f6tchen vom Probsteier B\u00e4cker: Geschmackvoll von der Krume bis ins Korn.\" data-attachment-id=\"93\" data-type=\"image\" class=\"fg-thumb\"><span class=\"fg-image-wrap\"><img title=\"Br\u00f6tchen vom Probsteier B\u00e4cker\" width=\"150\" height=\"150\" class=\"skip-lazy fg-image\" data-src-fg=\"http:\/\/www.der-probsteier-baecker.de\/wp-content\/uploads\/cache\/2018\/05\/IMG_0655\/1380361259.jpg\" src=\"data:image\/svg+xml,%3Csvg%20xmlns%3D%22http%3A%2F%2Fwww.w3.org%2F2000%2Fsvg%22%20width%3D%22150%22%20height%3D%22150%22%20viewBox%3D%220%200%20150%20150%22%3E%3C%2Fsvg%3E\" loading=\"eager\"><\/span><span class=\"fg-image-overlay\"><\/span><\/a><figcaption class=\"fg-caption\"><div class=\"fg-caption-inner\"><div class=\"fg-caption-title\">Br\u00f6tchen vom Probsteier B\u00e4cker<\/div><div class=\"fg-caption-desc\">Br\u00f6tchen vom Probsteier B\u00e4cker: Geschmackvoll von der Krume bis ins Korn.<\/div><\/div><\/figcaption><\/figure><div class=\"fg-loader\"><\/div><\/div><div class=\"fg-item fg-type-image fg-idle\"><figure class=\"fg-item-inner\"><a href=\"http:\/\/www.der-probsteier-baecker.de\/wp-content\/uploads\/2018\/05\/IMG_0657.jpg\" target=\"foobox\" data-caption-title=\"Br\u00f6tchen vom Probsteier B\u00e4cker\" data-caption-desc=\"Br\u00f6tchen vom Probsteier B\u00e4cker: Geschmackvoll von der Krume bis ins Korn.\" data-attachment-id=\"94\" data-type=\"image\" class=\"fg-thumb\"><span class=\"fg-image-wrap\"><img title=\"Br\u00f6tchen vom Probsteier B\u00e4cker\" width=\"150\" height=\"150\" class=\"skip-lazy fg-image\" data-src-fg=\"http:\/\/www.der-probsteier-baecker.de\/wp-content\/uploads\/cache\/2018\/05\/IMG_0657\/3395686259.jpg\" src=\"data:image\/svg+xml,%3Csvg%20xmlns%3D%22http%3A%2F%2Fwww.w3.org%2F2000%2Fsvg%22%20width%3D%22150%22%20height%3D%22150%22%20viewBox%3D%220%200%20150%20150%22%3E%3C%2Fsvg%3E\" loading=\"eager\"><\/span><span class=\"fg-image-overlay\"><\/span><\/a><figcaption class=\"fg-caption\"><div class=\"fg-caption-inner\"><div class=\"fg-caption-title\">Br\u00f6tchen vom Probsteier B\u00e4cker<\/div><div class=\"fg-caption-desc\">Br\u00f6tchen vom Probsteier B\u00e4cker: Geschmackvoll von der Krume bis ins Korn.<\/div><\/div><\/figcaption><\/figure><div class=\"fg-loader\"><\/div><\/div><div class=\"fg-item fg-type-image fg-idle\"><figure class=\"fg-item-inner\"><a href=\"http:\/\/www.der-probsteier-baecker.de\/wp-content\/uploads\/2018\/05\/IMG_0658.jpg\" target=\"foobox\" data-caption-title=\"Br\u00f6tchen vom Probsteier B\u00e4cker\" data-caption-desc=\"Br\u00f6tchen vom Probsteier B\u00e4cker: Geschmackvoll von der Krume bis ins Korn.\" data-attachment-id=\"95\" data-type=\"image\" class=\"fg-thumb\"><span class=\"fg-image-wrap\"><img title=\"Br\u00f6tchen vom Probsteier B\u00e4cker\" width=\"150\" height=\"150\" class=\"skip-lazy fg-image\" data-src-fg=\"http:\/\/www.der-probsteier-baecker.de\/wp-content\/uploads\/cache\/2018\/05\/IMG_0658\/2981907262.jpg\" src=\"data:image\/svg+xml,%3Csvg%20xmlns%3D%22http%3A%2F%2Fwww.w3.org%2F2000%2Fsvg%22%20width%3D%22150%22%20height%3D%22150%22%20viewBox%3D%220%200%20150%20150%22%3E%3C%2Fsvg%3E\" loading=\"eager\"><\/span><span class=\"fg-image-overlay\"><\/span><\/a><figcaption class=\"fg-caption\"><div class=\"fg-caption-inner\"><div class=\"fg-caption-title\">Br\u00f6tchen vom Probsteier B\u00e4cker<\/div><div class=\"fg-caption-desc\">Br\u00f6tchen vom Probsteier B\u00e4cker: Geschmackvoll von der Krume bis ins Korn.<\/div><\/div><\/figcaption><\/figure><div class=\"fg-loader\"><\/div><\/div><div class=\"fg-item fg-type-image fg-idle\"><figure class=\"fg-item-inner\"><a href=\"http:\/\/www.der-probsteier-baecker.de\/wp-content\/uploads\/2018\/05\/IMG_0660.jpg\" target=\"foobox\" data-caption-title=\"Br\u00f6tchen vom Probsteier B\u00e4cker\" data-caption-desc=\"Br\u00f6tchen vom Probsteier B\u00e4cker: Geschmackvoll von der Krume bis ins Korn.\" data-attachment-id=\"96\" data-type=\"image\" class=\"fg-thumb\"><span class=\"fg-image-wrap\"><img title=\"Br\u00f6tchen vom Probsteier B\u00e4cker\" width=\"150\" height=\"150\" class=\"skip-lazy fg-image\" data-src-fg=\"http:\/\/www.der-probsteier-baecker.de\/wp-content\/uploads\/cache\/2018\/05\/IMG_0660\/1739297068.jpg\" src=\"data:image\/svg+xml,%3Csvg%20xmlns%3D%22http%3A%2F%2Fwww.w3.org%2F2000%2Fsvg%22%20width%3D%22150%22%20height%3D%22150%22%20viewBox%3D%220%200%20150%20150%22%3E%3C%2Fsvg%3E\" loading=\"eager\"><\/span><span class=\"fg-image-overlay\"><\/span><\/a><figcaption class=\"fg-caption\"><div class=\"fg-caption-inner\"><div class=\"fg-caption-title\">Br\u00f6tchen vom Probsteier B\u00e4cker<\/div><div class=\"fg-caption-desc\">Br\u00f6tchen vom Probsteier B\u00e4cker: Geschmackvoll von der Krume bis ins Korn.<\/div><\/div><\/figcaption><\/figure><div class=\"fg-loader\"><\/div><\/div><div class=\"fg-item fg-type-image fg-idle\"><figure class=\"fg-item-inner\"><a href=\"http:\/\/www.der-probsteier-baecker.de\/wp-content\/uploads\/2018\/05\/IMG_0662.jpg\" target=\"foobox\" data-caption-title=\"Br\u00f6tchen vom Probsteier B\u00e4cker\" data-caption-desc=\"Br\u00f6tchen vom Probsteier B\u00e4cker: Geschmackvoll von der Krume bis ins Korn.\" data-attachment-id=\"97\" data-type=\"image\" class=\"fg-thumb\"><span class=\"fg-image-wrap\"><img title=\"Br\u00f6tchen vom Probsteier B\u00e4cker\" width=\"150\" height=\"150\" class=\"skip-lazy fg-image\" data-src-fg=\"http:\/\/www.der-probsteier-baecker.de\/wp-content\/uploads\/cache\/2018\/05\/IMG_0662\/2272575664.jpg\" src=\"data:image\/svg+xml,%3Csvg%20xmlns%3D%22http%3A%2F%2Fwww.w3.org%2F2000%2Fsvg%22%20width%3D%22150%22%20height%3D%22150%22%20viewBox%3D%220%200%20150%20150%22%3E%3C%2Fsvg%3E\" loading=\"eager\"><\/span><span class=\"fg-image-overlay\"><\/span><\/a><figcaption class=\"fg-caption\"><div class=\"fg-caption-inner\"><div class=\"fg-caption-title\">Br\u00f6tchen vom Probsteier B\u00e4cker<\/div><div class=\"fg-caption-desc\">Br\u00f6tchen vom Probsteier B\u00e4cker: Geschmackvoll von der Krume bis ins Korn.<\/div><\/div><\/figcaption><\/figure><div class=\"fg-loader\"><\/div><\/div><div class=\"fg-item fg-type-image fg-idle\"><figure class=\"fg-item-inner\"><a href=\"http:\/\/www.der-probsteier-baecker.de\/wp-content\/uploads\/2018\/05\/IMG_0663.jpg\" target=\"foobox\" data-caption-title=\"Br\u00f6tchen vom Probsteier B\u00e4cker\" data-caption-desc=\"Br\u00f6tchen vom Probsteier B\u00e4cker: Geschmackvoll von der Krume bis ins Korn.\" data-attachment-id=\"98\" data-type=\"image\" class=\"fg-thumb\"><span class=\"fg-image-wrap\"><img title=\"Br\u00f6tchen vom Probsteier B\u00e4cker\" width=\"150\" height=\"150\" class=\"skip-lazy fg-image\" data-src-fg=\"http:\/\/www.der-probsteier-baecker.de\/wp-content\/uploads\/cache\/2018\/05\/IMG_0663\/2254358724.jpg\" src=\"data:image\/svg+xml,%3Csvg%20xmlns%3D%22http%3A%2F%2Fwww.w3.org%2F2000%2Fsvg%22%20width%3D%22150%22%20height%3D%22150%22%20viewBox%3D%220%200%20150%20150%22%3E%3C%2Fsvg%3E\" loading=\"eager\"><\/span><span class=\"fg-image-overlay\"><\/span><\/a><figcaption class=\"fg-caption\"><div class=\"fg-caption-inner\"><div class=\"fg-caption-title\">Br\u00f6tchen vom Probsteier B\u00e4cker<\/div><div class=\"fg-caption-desc\">Br\u00f6tchen vom Probsteier B\u00e4cker: Geschmackvoll von der Krume bis ins Korn.<\/div><\/div><\/figcaption><\/figure><div class=\"fg-loader\"><\/div><\/div><div class=\"fg-item fg-type-image fg-idle\"><figure class=\"fg-item-inner\"><a href=\"http:\/\/www.der-probsteier-baecker.de\/wp-content\/uploads\/2018\/05\/IMG_0664.jpg\" target=\"foobox\" data-caption-title=\"Br\u00f6tchen vom Probsteier B\u00e4cker\" data-caption-desc=\"Br\u00f6tchen vom Probsteier B\u00e4cker: Geschmackvoll von der Krume bis ins Korn.\" data-attachment-id=\"99\" data-type=\"image\" class=\"fg-thumb\"><span class=\"fg-image-wrap\"><img title=\"Br\u00f6tchen vom Probsteier B\u00e4cker\" width=\"150\" height=\"150\" class=\"skip-lazy fg-image\" data-src-fg=\"http:\/\/www.der-probsteier-baecker.de\/wp-content\/uploads\/cache\/2018\/05\/IMG_0664\/778147644.jpg\" src=\"data:image\/svg+xml,%3Csvg%20xmlns%3D%22http%3A%2F%2Fwww.w3.org%2F2000%2Fsvg%22%20width%3D%22150%22%20height%3D%22150%22%20viewBox%3D%220%200%20150%20150%22%3E%3C%2Fsvg%3E\" loading=\"eager\"><\/span><span class=\"fg-image-overlay\"><\/span><\/a><figcaption class=\"fg-caption\"><div class=\"fg-caption-inner\"><div class=\"fg-caption-title\">Br\u00f6tchen vom Probsteier B\u00e4cker<\/div><div class=\"fg-caption-desc\">Br\u00f6tchen vom Probsteier B\u00e4cker: Geschmackvoll von der Krume bis ins Korn.<\/div><\/div><\/figcaption><\/figure><div class=\"fg-loader\"><\/div><\/div><div class=\"fg-item fg-type-image fg-idle\"><figure class=\"fg-item-inner\"><a href=\"http:\/\/www.der-probsteier-baecker.de\/wp-content\/uploads\/2018\/05\/IMG_0665.jpg\" target=\"foobox\" data-caption-title=\"Br\u00f6tchen vom Probsteier B\u00e4cker\" data-caption-desc=\"Br\u00f6tchen vom Probsteier B\u00e4cker: Geschmackvoll von der Krume bis ins Korn.\" data-attachment-id=\"100\" data-type=\"image\" class=\"fg-thumb\"><span class=\"fg-image-wrap\"><img title=\"Br\u00f6tchen vom Probsteier B\u00e4cker\" width=\"150\" height=\"150\" class=\"skip-lazy fg-image\" data-src-fg=\"http:\/\/www.der-probsteier-baecker.de\/wp-content\/uploads\/cache\/2018\/05\/IMG_0665\/4108703753.jpg\" src=\"data:image\/svg+xml,%3Csvg%20xmlns%3D%22http%3A%2F%2Fwww.w3.org%2F2000%2Fsvg%22%20width%3D%22150%22%20height%3D%22150%22%20viewBox%3D%220%200%20150%20150%22%3E%3C%2Fsvg%3E\" loading=\"eager\"><\/span><span class=\"fg-image-overlay\"><\/span><\/a><figcaption class=\"fg-caption\"><div class=\"fg-caption-inner\"><div class=\"fg-caption-title\">Br\u00f6tchen vom Probsteier B\u00e4cker<\/div><div class=\"fg-caption-desc\">Br\u00f6tchen vom Probsteier B\u00e4cker: Geschmackvoll von der Krume bis ins Korn.<\/div><\/div><\/figcaption><\/figure><div class=\"fg-loader\"><\/div><\/div><div class=\"fg-item fg-type-image fg-idle\"><figure class=\"fg-item-inner\"><a href=\"http:\/\/www.der-probsteier-baecker.de\/wp-content\/uploads\/2018\/05\/IMG_0670.jpg\" target=\"foobox\" data-caption-title=\"Br\u00f6tchen vom Probsteier B\u00e4cker\" data-caption-desc=\"Br\u00f6tchen vom Probsteier B\u00e4cker: Geschmackvoll von der Krume bis ins Korn.\" data-attachment-id=\"101\" data-type=\"image\" class=\"fg-thumb\"><span class=\"fg-image-wrap\"><img title=\"Br\u00f6tchen vom Probsteier B\u00e4cker\" width=\"150\" height=\"150\" class=\"skip-lazy fg-image\" data-src-fg=\"http:\/\/www.der-probsteier-baecker.de\/wp-content\/uploads\/cache\/2018\/05\/IMG_0670\/159683791.jpg\" src=\"data:image\/svg+xml,%3Csvg%20xmlns%3D%22http%3A%2F%2Fwww.w3.org%2F2000%2Fsvg%22%20width%3D%22150%22%20height%3D%22150%22%20viewBox%3D%220%200%20150%20150%22%3E%3C%2Fsvg%3E\" loading=\"eager\"><\/span><span class=\"fg-image-overlay\"><\/span><\/a><figcaption class=\"fg-caption\"><div class=\"fg-caption-inner\"><div class=\"fg-caption-title\">Br\u00f6tchen vom Probsteier B\u00e4cker<\/div><div class=\"fg-caption-desc\">Br\u00f6tchen vom Probsteier B\u00e4cker: Geschmackvoll von der Krume bis ins Korn.<\/div><\/div><\/figcaption><\/figure><div class=\"fg-loader\"><\/div><\/div><div class=\"fg-item fg-type-image fg-idle\"><figure class=\"fg-item-inner\"><a href=\"http:\/\/www.der-probsteier-baecker.de\/wp-content\/uploads\/2018\/05\/IMG_0672.jpg\" target=\"foobox\" data-caption-title=\"Br\u00f6tchen vom Probsteier B\u00e4cker\" data-attachment-id=\"102\" data-type=\"image\" class=\"fg-thumb\"><span class=\"fg-image-wrap\"><img title=\"Br\u00f6tchen vom Probsteier B\u00e4cker\" width=\"150\" height=\"150\" class=\"skip-lazy fg-image\" data-src-fg=\"http:\/\/www.der-probsteier-baecker.de\/wp-content\/uploads\/cache\/2018\/05\/IMG_0672\/2011066064.jpg\" src=\"data:image\/svg+xml,%3Csvg%20xmlns%3D%22http%3A%2F%2Fwww.w3.org%2F2000%2Fsvg%22%20width%3D%22150%22%20height%3D%22150%22%20viewBox%3D%220%200%20150%20150%22%3E%3C%2Fsvg%3E\" loading=\"eager\"><\/span><span class=\"fg-image-overlay\"><\/span><\/a><figcaption class=\"fg-caption\"><div class=\"fg-caption-inner\"><div class=\"fg-caption-title\">Br\u00f6tchen vom Probsteier B\u00e4cker<\/div><\/div><\/figcaption><\/figure><div class=\"fg-loader\"><\/div><\/div><div class=\"fg-item fg-type-image fg-idle\"><figure class=\"fg-item-inner\"><a href=\"http:\/\/www.der-probsteier-baecker.de\/wp-content\/uploads\/2018\/05\/IMG_0673.jpg\" target=\"foobox\" data-caption-title=\"Br\u00f6tchen vom Probsteier B\u00e4cker\" data-caption-desc=\"Br\u00f6tchen vom Probsteier B\u00e4cker: Geschmackvoll von der Krume bis ins Korn.\" data-attachment-id=\"103\" data-type=\"image\" class=\"fg-thumb\"><span class=\"fg-image-wrap\"><img title=\"Br\u00f6tchen vom Probsteier B\u00e4cker\" width=\"150\" height=\"150\" class=\"skip-lazy fg-image\" data-src-fg=\"http:\/\/www.der-probsteier-baecker.de\/wp-content\/uploads\/cache\/2018\/05\/IMG_0673\/428751023.jpg\" src=\"data:image\/svg+xml,%3Csvg%20xmlns%3D%22http%3A%2F%2Fwww.w3.org%2F2000%2Fsvg%22%20width%3D%22150%22%20height%3D%22150%22%20viewBox%3D%220%200%20150%20150%22%3E%3C%2Fsvg%3E\" loading=\"eager\"><\/span><span class=\"fg-image-overlay\"><\/span><\/a><figcaption class=\"fg-caption\"><div class=\"fg-caption-inner\"><div class=\"fg-caption-title\">Br\u00f6tchen vom Probsteier B\u00e4cker<\/div><div class=\"fg-caption-desc\">Br\u00f6tchen vom Probsteier B\u00e4cker: Geschmackvoll von der Krume bis ins Korn.<\/div><\/div><\/figcaption><\/figure><div class=\"fg-loader\"><\/div><\/div><div class=\"fg-item fg-type-image fg-idle\"><figure class=\"fg-item-inner\"><a href=\"http:\/\/www.der-probsteier-baecker.de\/wp-content\/uploads\/2018\/05\/IMG_0674.jpg\" target=\"foobox\" data-caption-title=\"Br\u00f6tchen vom Probsteier B\u00e4cker\" data-caption-desc=\"Br\u00f6tchen vom Probsteier B\u00e4cker: Geschmackvoll von der Krume bis ins Korn.\" data-attachment-id=\"104\" data-type=\"image\" class=\"fg-thumb\"><span class=\"fg-image-wrap\"><img title=\"Br\u00f6tchen vom Probsteier B\u00e4cker\" width=\"150\" height=\"150\" class=\"skip-lazy fg-image\" data-src-fg=\"http:\/\/www.der-probsteier-baecker.de\/wp-content\/uploads\/cache\/2018\/05\/IMG_0674\/3377372563.jpg\" src=\"data:image\/svg+xml,%3Csvg%20xmlns%3D%22http%3A%2F%2Fwww.w3.org%2F2000%2Fsvg%22%20width%3D%22150%22%20height%3D%22150%22%20viewBox%3D%220%200%20150%20150%22%3E%3C%2Fsvg%3E\" loading=\"eager\"><\/span><span class=\"fg-image-overlay\"><\/span><\/a><figcaption class=\"fg-caption\"><div class=\"fg-caption-inner\"><div class=\"fg-caption-title\">Br\u00f6tchen vom Probsteier B\u00e4cker<\/div><div class=\"fg-caption-desc\">Br\u00f6tchen vom Probsteier B\u00e4cker: Geschmackvoll von der Krume bis ins Korn.<\/div><\/div><\/figcaption><\/figure><div class=\"fg-loader\"><\/div><\/div><div class=\"fg-item fg-type-image fg-idle\"><figure class=\"fg-item-inner\"><a href=\"http:\/\/www.der-probsteier-baecker.de\/wp-content\/uploads\/2018\/05\/IMG_0675.jpg\" target=\"foobox\" data-caption-title=\"Br\u00f6tchen vom Probsteier B\u00e4cker\" data-caption-desc=\"Br\u00f6tchen vom Probsteier B\u00e4cker: Geschmackvoll von der Krume bis ins Korn.\" data-attachment-id=\"105\" data-type=\"image\" class=\"fg-thumb\"><span class=\"fg-image-wrap\"><img title=\"Br\u00f6tchen vom Probsteier B\u00e4cker\" width=\"150\" height=\"150\" class=\"skip-lazy fg-image\" data-src-fg=\"http:\/\/www.der-probsteier-baecker.de\/wp-content\/uploads\/cache\/2018\/05\/IMG_0675\/2803813356.jpg\" src=\"data:image\/svg+xml,%3Csvg%20xmlns%3D%22http%3A%2F%2Fwww.w3.org%2F2000%2Fsvg%22%20width%3D%22150%22%20height%3D%22150%22%20viewBox%3D%220%200%20150%20150%22%3E%3C%2Fsvg%3E\" loading=\"eager\"><\/span><span class=\"fg-image-overlay\"><\/span><\/a><figcaption class=\"fg-caption\"><div class=\"fg-caption-inner\"><div class=\"fg-caption-title\">Br\u00f6tchen vom Probsteier B\u00e4cker<\/div><div class=\"fg-caption-desc\">Br\u00f6tchen vom Probsteier B\u00e4cker: Geschmackvoll von der Krume bis ins Korn.<\/div><\/div><\/figcaption><\/figure><div class=\"fg-loader\"><\/div><\/div><div class=\"fg-item fg-type-image fg-idle\"><figure class=\"fg-item-inner\"><a href=\"http:\/\/www.der-probsteier-baecker.de\/wp-content\/uploads\/2018\/05\/IMG_0676.jpg\" target=\"foobox\" data-caption-title=\"Br\u00f6tchen vom Probsteier B\u00e4cker\" data-caption-desc=\"Br\u00f6tchen vom Probsteier B\u00e4cker: Geschmackvoll von der Krume bis ins Korn.\" data-attachment-id=\"106\" data-type=\"image\" class=\"fg-thumb\"><span class=\"fg-image-wrap\"><img title=\"Br\u00f6tchen vom Probsteier B\u00e4cker\" width=\"150\" height=\"150\" class=\"skip-lazy fg-image\" data-src-fg=\"http:\/\/www.der-probsteier-baecker.de\/wp-content\/uploads\/cache\/2018\/05\/IMG_0676\/367931757.jpg\" src=\"data:image\/svg+xml,%3Csvg%20xmlns%3D%22http%3A%2F%2Fwww.w3.org%2F2000%2Fsvg%22%20width%3D%22150%22%20height%3D%22150%22%20viewBox%3D%220%200%20150%20150%22%3E%3C%2Fsvg%3E\" loading=\"eager\"><\/span><span class=\"fg-image-overlay\"><\/span><\/a><figcaption class=\"fg-caption\"><div class=\"fg-caption-inner\"><div class=\"fg-caption-title\">Br\u00f6tchen vom Probsteier B\u00e4cker<\/div><div class=\"fg-caption-desc\">Br\u00f6tchen vom Probsteier B\u00e4cker: Geschmackvoll von der Krume bis ins Korn.<\/div><\/div><\/figcaption><\/figure><div class=\"fg-loader\"><\/div><\/div><div class=\"fg-item fg-type-image fg-idle\"><figure class=\"fg-item-inner\"><a href=\"http:\/\/www.der-probsteier-baecker.de\/wp-content\/uploads\/2018\/05\/IMG_0677.jpg\" target=\"foobox\" data-caption-title=\"Br\u00f6tchen vom Probsteier B\u00e4cker\" data-caption-desc=\"Br\u00f6tchen vom Probsteier B\u00e4cker: Geschmackvoll von der Krume bis ins Korn.\" data-attachment-id=\"107\" data-type=\"image\" class=\"fg-thumb\"><span class=\"fg-image-wrap\"><img title=\"Br\u00f6tchen vom Probsteier B\u00e4cker\" width=\"150\" height=\"150\" class=\"skip-lazy fg-image\" data-src-fg=\"http:\/\/www.der-probsteier-baecker.de\/wp-content\/uploads\/cache\/2018\/05\/IMG_0677\/2076075794.jpg\" src=\"data:image\/svg+xml,%3Csvg%20xmlns%3D%22http%3A%2F%2Fwww.w3.org%2F2000%2Fsvg%22%20width%3D%22150%22%20height%3D%22150%22%20viewBox%3D%220%200%20150%20150%22%3E%3C%2Fsvg%3E\" loading=\"eager\"><\/span><span class=\"fg-image-overlay\"><\/span><\/a><figcaption class=\"fg-caption\"><div class=\"fg-caption-inner\"><div class=\"fg-caption-title\">Br\u00f6tchen vom Probsteier B\u00e4cker<\/div><div class=\"fg-caption-desc\">Br\u00f6tchen vom Probsteier B\u00e4cker: Geschmackvoll von der Krume bis ins Korn.<\/div><\/div><\/figcaption><\/figure><div class=\"fg-loader\"><\/div><\/div><div class=\"fg-item fg-type-image fg-idle\"><figure class=\"fg-item-inner\"><a href=\"http:\/\/www.der-probsteier-baecker.de\/wp-content\/uploads\/2018\/05\/IMG_0678.jpg\" target=\"foobox\" data-caption-title=\"Br\u00f6tchen vom Probsteier B\u00e4cker\" data-caption-desc=\"Br\u00f6tchen vom Probsteier B\u00e4cker: Geschmackvoll von der Krume bis ins Korn.\" data-attachment-id=\"108\" data-type=\"image\" class=\"fg-thumb\"><span class=\"fg-image-wrap\"><img title=\"Br\u00f6tchen vom Probsteier B\u00e4cker\" width=\"150\" height=\"150\" class=\"skip-lazy fg-image\" data-src-fg=\"http:\/\/www.der-probsteier-baecker.de\/wp-content\/uploads\/cache\/2018\/05\/IMG_0678\/1864269140.jpg\" src=\"data:image\/svg+xml,%3Csvg%20xmlns%3D%22http%3A%2F%2Fwww.w3.org%2F2000%2Fsvg%22%20width%3D%22150%22%20height%3D%22150%22%20viewBox%3D%220%200%20150%20150%22%3E%3C%2Fsvg%3E\" loading=\"eager\"><\/span><span class=\"fg-image-overlay\"><\/span><\/a><figcaption class=\"fg-caption\"><div class=\"fg-caption-inner\"><div class=\"fg-caption-title\">Br\u00f6tchen vom Probsteier B\u00e4cker<\/div><div class=\"fg-caption-desc\">Br\u00f6tchen vom Probsteier B\u00e4cker: Geschmackvoll von der Krume bis ins Korn.<\/div><\/div><\/figcaption><\/figure><div class=\"fg-loader\"><\/div><\/div><div class=\"fg-item fg-type-image fg-idle\"><figure class=\"fg-item-inner\"><a href=\"http:\/\/www.der-probsteier-baecker.de\/wp-content\/uploads\/2018\/05\/IMG_0680.jpg\" target=\"foobox\" data-caption-title=\"Br\u00f6tchen vom Probsteier B\u00e4cker\" data-caption-desc=\"Br\u00f6tchen vom Probsteier B\u00e4cker: Geschmackvoll von der Krume bis ins Korn.\" data-attachment-id=\"110\" data-type=\"image\" class=\"fg-thumb\"><span class=\"fg-image-wrap\"><img title=\"Br\u00f6tchen vom Probsteier B\u00e4cker\" width=\"150\" height=\"150\" class=\"skip-lazy fg-image\" data-src-fg=\"http:\/\/www.der-probsteier-baecker.de\/wp-content\/uploads\/cache\/2018\/05\/IMG_0680\/2741511495.jpg\" src=\"data:image\/svg+xml,%3Csvg%20xmlns%3D%22http%3A%2F%2Fwww.w3.org%2F2000%2Fsvg%22%20width%3D%22150%22%20height%3D%22150%22%20viewBox%3D%220%200%20150%20150%22%3E%3C%2Fsvg%3E\" loading=\"eager\"><\/span><span class=\"fg-image-overlay\"><\/span><\/a><figcaption class=\"fg-caption\"><div class=\"fg-caption-inner\"><div class=\"fg-caption-title\">Br\u00f6tchen vom Probsteier B\u00e4cker<\/div><div class=\"fg-caption-desc\">Br\u00f6tchen vom Probsteier B\u00e4cker: Geschmackvoll von der Krume bis ins Korn.<\/div><\/div><\/figcaption><\/figure><div class=\"fg-loader\"><\/div><\/div><div class=\"fg-item fg-type-image fg-idle\"><figure class=\"fg-item-inner\"><a href=\"http:\/\/www.der-probsteier-baecker.de\/wp-content\/uploads\/2018\/05\/IMG_0681.jpg\" target=\"foobox\" data-caption-title=\"Br\u00f6tchen vom Probsteier B\u00e4cker\" data-caption-desc=\"Br\u00f6tchen vom Probsteier B\u00e4cker: Geschmackvoll von der Krume bis ins Korn.\" data-attachment-id=\"111\" data-type=\"image\" class=\"fg-thumb\"><span class=\"fg-image-wrap\"><img title=\"Br\u00f6tchen vom Probsteier B\u00e4cker\" width=\"150\" height=\"150\" class=\"skip-lazy fg-image\" data-src-fg=\"http:\/\/www.der-probsteier-baecker.de\/wp-content\/uploads\/cache\/2018\/05\/IMG_0681\/3443028792.jpg\" src=\"data:image\/svg+xml,%3Csvg%20xmlns%3D%22http%3A%2F%2Fwww.w3.org%2F2000%2Fsvg%22%20width%3D%22150%22%20height%3D%22150%22%20viewBox%3D%220%200%20150%20150%22%3E%3C%2Fsvg%3E\" loading=\"eager\"><\/span><span class=\"fg-image-overlay\"><\/span><\/a><figcaption class=\"fg-caption\"><div class=\"fg-caption-inner\"><div class=\"fg-caption-title\">Br\u00f6tchen vom Probsteier B\u00e4cker<\/div><div class=\"fg-caption-desc\">Br\u00f6tchen vom Probsteier B\u00e4cker: Geschmackvoll von der Krume bis ins Korn.<\/div><\/div><\/figcaption><\/figure><div class=\"fg-loader\"><\/div><\/div><div class=\"fg-item fg-type-image fg-idle\"><figure class=\"fg-item-inner\"><a href=\"http:\/\/www.der-probsteier-baecker.de\/wp-content\/uploads\/2018\/05\/IMG_0687.jpg\" target=\"foobox\" data-caption-title=\"Br\u00f6tchen vom Probsteier B\u00e4cker\" data-caption-desc=\"Br\u00f6tchen vom Probsteier B\u00e4cker: Geschmackvoll von der Krume bis ins Korn.\" data-attachment-id=\"112\" data-type=\"image\" class=\"fg-thumb\"><span class=\"fg-image-wrap\"><img title=\"Br\u00f6tchen vom Probsteier B\u00e4cker\" width=\"150\" height=\"150\" class=\"skip-lazy fg-image\" data-src-fg=\"http:\/\/www.der-probsteier-baecker.de\/wp-content\/uploads\/cache\/2018\/05\/IMG_0687\/925403101.jpg\" src=\"data:image\/svg+xml,%3Csvg%20xmlns%3D%22http%3A%2F%2Fwww.w3.org%2F2000%2Fsvg%22%20width%3D%22150%22%20height%3D%22150%22%20viewBox%3D%220%200%20150%20150%22%3E%3C%2Fsvg%3E\" loading=\"eager\"><\/span><span class=\"fg-image-overlay\"><\/span><\/a><figcaption class=\"fg-caption\"><div class=\"fg-caption-inner\"><div class=\"fg-caption-title\">Br\u00f6tchen vom Probsteier B\u00e4cker<\/div><div class=\"fg-caption-desc\">Br\u00f6tchen vom Probsteier B\u00e4cker: Geschmackvoll von der Krume bis ins Korn.<\/div><\/div><\/figcaption><\/figure><div class=\"fg-loader\"><\/div><\/div><div class=\"fg-item fg-type-image fg-idle\"><figure class=\"fg-item-inner\"><a href=\"http:\/\/www.der-probsteier-baecker.de\/wp-content\/uploads\/2018\/05\/IMG_0688.jpg\" target=\"foobox\" data-caption-title=\"Br\u00f6tchen vom Probsteier B\u00e4cker\" data-caption-desc=\"Br\u00f6tchen vom Probsteier B\u00e4cker: Geschmackvoll von der Krume bis ins Korn.\" data-attachment-id=\"113\" data-type=\"image\" class=\"fg-thumb\"><span class=\"fg-image-wrap\"><img title=\"Br\u00f6tchen vom Probsteier B\u00e4cker\" width=\"150\" height=\"150\" class=\"skip-lazy fg-image\" data-src-fg=\"http:\/\/www.der-probsteier-baecker.de\/wp-content\/uploads\/cache\/2018\/05\/IMG_0688\/1290978192.jpg\" src=\"data:image\/svg+xml,%3Csvg%20xmlns%3D%22http%3A%2F%2Fwww.w3.org%2F2000%2Fsvg%22%20width%3D%22150%22%20height%3D%22150%22%20viewBox%3D%220%200%20150%20150%22%3E%3C%2Fsvg%3E\" loading=\"eager\"><\/span><span class=\"fg-image-overlay\"><\/span><\/a><figcaption class=\"fg-caption\"><div class=\"fg-caption-inner\"><div class=\"fg-caption-title\">Br\u00f6tchen vom Probsteier B\u00e4cker<\/div><div class=\"fg-caption-desc\">Br\u00f6tchen vom Probsteier B\u00e4cker: Geschmackvoll von der Krume bis ins Korn.<\/div><\/div><\/figcaption><\/figure><div class=\"fg-loader\"><\/div><\/div><div class=\"fg-item fg-type-image fg-idle\"><figure class=\"fg-item-inner\"><a href=\"http:\/\/www.der-probsteier-baecker.de\/wp-content\/uploads\/2018\/05\/IMG_0690.jpg\" target=\"foobox\" data-caption-title=\"Br\u00f6tchen vom Probsteier B\u00e4cker\" data-caption-desc=\"Br\u00f6tchen vom Probsteier B\u00e4cker: Geschmackvoll von der Krume bis ins Korn.\" data-attachment-id=\"114\" data-type=\"image\" class=\"fg-thumb\"><span class=\"fg-image-wrap\"><img title=\"Br\u00f6tchen vom Probsteier B\u00e4cker\" width=\"150\" height=\"150\" class=\"skip-lazy fg-image\" data-src-fg=\"http:\/\/www.der-probsteier-baecker.de\/wp-content\/uploads\/cache\/2018\/05\/IMG_0690\/1382637635.jpg\" src=\"data:image\/svg+xml,%3Csvg%20xmlns%3D%22http%3A%2F%2Fwww.w3.org%2F2000%2Fsvg%22%20width%3D%22150%22%20height%3D%22150%22%20viewBox%3D%220%200%20150%20150%22%3E%3C%2Fsvg%3E\" loading=\"eager\"><\/span><span class=\"fg-image-overlay\"><\/span><\/a><figcaption class=\"fg-caption\"><div class=\"fg-caption-inner\"><div class=\"fg-caption-title\">Br\u00f6tchen vom Probsteier B\u00e4cker<\/div><div class=\"fg-caption-desc\">Br\u00f6tchen vom Probsteier B\u00e4cker: Geschmackvoll von der Krume bis ins Korn.<\/div><\/div><\/figcaption><\/figure><div class=\"fg-loader\"><\/div><\/div><div class=\"fg-item fg-type-image fg-idle\"><figure class=\"fg-item-inner\"><a href=\"http:\/\/www.der-probsteier-baecker.de\/wp-content\/uploads\/2018\/05\/IMG_0692.jpg\" target=\"foobox\" data-caption-title=\"Br\u00f6tchen vom Probsteier B\u00e4cker\" data-caption-desc=\"Br\u00f6tchen vom Probsteier B\u00e4cker: Geschmackvoll von der Krume bis ins Korn.\" data-attachment-id=\"115\" data-type=\"image\" class=\"fg-thumb\"><span class=\"fg-image-wrap\"><img title=\"Br\u00f6tchen vom Probsteier B\u00e4cker\" width=\"150\" height=\"150\" class=\"skip-lazy fg-image\" data-src-fg=\"http:\/\/www.der-probsteier-baecker.de\/wp-content\/uploads\/cache\/2018\/05\/IMG_0692\/2998284767.jpg\" src=\"data:image\/svg+xml,%3Csvg%20xmlns%3D%22http%3A%2F%2Fwww.w3.org%2F2000%2Fsvg%22%20width%3D%22150%22%20height%3D%22150%22%20viewBox%3D%220%200%20150%20150%22%3E%3C%2Fsvg%3E\" loading=\"eager\"><\/span><span class=\"fg-image-overlay\"><\/span><\/a><figcaption class=\"fg-caption\"><div class=\"fg-caption-inner\"><div class=\"fg-caption-title\">Br\u00f6tchen vom Probsteier B\u00e4cker<\/div><div class=\"fg-caption-desc\">Br\u00f6tchen vom Probsteier B\u00e4cker: Geschmackvoll von der Krume bis ins Korn.<\/div><\/div><\/figcaption><\/figure><div class=\"fg-loader\"><\/div><\/div><div class=\"fg-item fg-type-image fg-idle\"><figure class=\"fg-item-inner\"><a href=\"http:\/\/www.der-probsteier-baecker.de\/wp-content\/uploads\/2018\/05\/IMG_0693.jpg\" target=\"foobox\" data-caption-title=\"Br\u00f6tchen vom Probsteier B\u00e4cker\" data-caption-desc=\"Br\u00f6tchen vom Probsteier B\u00e4cker: Geschmackvoll von der Krume bis ins Korn.\" data-attachment-id=\"116\" data-type=\"image\" class=\"fg-thumb\"><span class=\"fg-image-wrap\"><img title=\"Br\u00f6tchen vom Probsteier B\u00e4cker\" width=\"150\" height=\"150\" class=\"skip-lazy fg-image\" data-src-fg=\"http:\/\/www.der-probsteier-baecker.de\/wp-content\/uploads\/cache\/2018\/05\/IMG_0693\/1113836579.jpg\" src=\"data:image\/svg+xml,%3Csvg%20xmlns%3D%22http%3A%2F%2Fwww.w3.org%2F2000%2Fsvg%22%20width%3D%22150%22%20height%3D%22150%22%20viewBox%3D%220%200%20150%20150%22%3E%3C%2Fsvg%3E\" loading=\"eager\"><\/span><span class=\"fg-image-overlay\"><\/span><\/a><figcaption class=\"fg-caption\"><div class=\"fg-caption-inner\"><div class=\"fg-caption-title\">Br\u00f6tchen vom Probsteier B\u00e4cker<\/div><div class=\"fg-caption-desc\">Br\u00f6tchen vom Probsteier B\u00e4cker: Geschmackvoll von der Krume bis ins Korn.<\/div><\/div><\/figcaption><\/figure><div class=\"fg-loader\"><\/div><\/div><div class=\"fg-item fg-type-image fg-idle\"><figure class=\"fg-item-inner\"><a href=\"http:\/\/www.der-probsteier-baecker.de\/wp-content\/uploads\/2018\/05\/I-Phone-Dez-11-194.jpg\" target=\"foobox\" data-caption-title=\"Br\u00f6tchen vom Probsteier B\u00e4cker\" data-caption-desc=\"Br\u00f6tchen vom Probsteier B\u00e4cker: Geschmackvoll von der Krume bis ins Korn.\" data-attachment-id=\"117\" data-type=\"image\" class=\"fg-thumb\"><span class=\"fg-image-wrap\"><img title=\"Br\u00f6tchen vom Probsteier B\u00e4cker\" width=\"150\" height=\"150\" class=\"skip-lazy fg-image\" data-src-fg=\"http:\/\/www.der-probsteier-baecker.de\/wp-content\/uploads\/cache\/2018\/05\/I-Phone-Dez-11-194\/3330566450.jpg\" src=\"data:image\/svg+xml,%3Csvg%20xmlns%3D%22http%3A%2F%2Fwww.w3.org%2F2000%2Fsvg%22%20width%3D%22150%22%20height%3D%22150%22%20viewBox%3D%220%200%20150%20150%22%3E%3C%2Fsvg%3E\" loading=\"eager\"><\/span><span class=\"fg-image-overlay\"><\/span><\/a><figcaption class=\"fg-caption\"><div class=\"fg-caption-inner\"><div class=\"fg-caption-title\">Br\u00f6tchen vom Probsteier B\u00e4cker<\/div><div class=\"fg-caption-desc\">Br\u00f6tchen vom Probsteier B\u00e4cker: Geschmackvoll von der Krume bis ins Korn.<\/div><\/div><\/figcaption><\/figure><div class=\"fg-loader\"><\/div><\/div><div class=\"fg-item fg-type-image fg-idle\"><figure class=\"fg-item-inner\"><a href=\"http:\/\/www.der-probsteier-baecker.de\/wp-content\/uploads\/2018\/05\/I-Phone-Dez-11-216.jpg\" target=\"foobox\" data-caption-title=\"Br\u00f6tchen vom Probsteier B\u00e4cker\" data-caption-desc=\"Br\u00f6tchen vom Probsteier B\u00e4cker: Geschmackvoll von der Krume bis ins Korn.\" data-attachment-id=\"118\" data-type=\"image\" class=\"fg-thumb\"><span class=\"fg-image-wrap\"><img title=\"Br\u00f6tchen vom Probsteier B\u00e4cker\" width=\"150\" height=\"150\" class=\"skip-lazy fg-image\" data-src-fg=\"http:\/\/www.der-probsteier-baecker.de\/wp-content\/uploads\/cache\/2018\/05\/I-Phone-Dez-11-216\/2980524901.jpg\" src=\"data:image\/svg+xml,%3Csvg%20xmlns%3D%22http%3A%2F%2Fwww.w3.org%2F2000%2Fsvg%22%20width%3D%22150%22%20height%3D%22150%22%20viewBox%3D%220%200%20150%20150%22%3E%3C%2Fsvg%3E\" loading=\"eager\"><\/span><span class=\"fg-image-overlay\"><\/span><\/a><figcaption class=\"fg-caption\"><div class=\"fg-caption-inner\"><div class=\"fg-caption-title\">Br\u00f6tchen vom Probsteier B\u00e4cker<\/div><div class=\"fg-caption-desc\">Br\u00f6tchen vom Probsteier B\u00e4cker: Geschmackvoll von der Krume bis ins Korn.<\/div><\/div><\/figcaption><\/figure><div class=\"fg-loader\"><\/div><\/div><div class=\"fg-item fg-type-image fg-idle\"><figure class=\"fg-item-inner\"><a href=\"http:\/\/www.der-probsteier-baecker.de\/wp-content\/uploads\/2018\/05\/I-Phone-Dez-11-220.jpg\" target=\"foobox\" data-caption-title=\"Br\u00f6tchen vom Probsteier B\u00e4cker\" data-caption-desc=\"Br\u00f6tchen vom Probsteier B\u00e4cker: Geschmackvoll von der Krume bis ins Korn.\" data-attachment-id=\"119\" data-type=\"image\" class=\"fg-thumb\"><span class=\"fg-image-wrap\"><img title=\"Br\u00f6tchen vom Probsteier B\u00e4cker\" width=\"150\" height=\"150\" class=\"skip-lazy fg-image\" data-src-fg=\"http:\/\/www.der-probsteier-baecker.de\/wp-content\/uploads\/cache\/2018\/05\/I-Phone-Dez-11-220\/699568721.jpg\" src=\"data:image\/svg+xml,%3Csvg%20xmlns%3D%22http%3A%2F%2Fwww.w3.org%2F2000%2Fsvg%22%20width%3D%22150%22%20height%3D%22150%22%20viewBox%3D%220%200%20150%20150%22%3E%3C%2Fsvg%3E\" loading=\"eager\"><\/span><span class=\"fg-image-overlay\"><\/span><\/a><figcaption class=\"fg-caption\"><div class=\"fg-caption-inner\"><div class=\"fg-caption-title\">Br\u00f6tchen vom Probsteier B\u00e4cker<\/div><div class=\"fg-caption-desc\">Br\u00f6tchen vom Probsteier B\u00e4cker: Geschmackvoll von der Krume bis ins Korn.<\/div><\/div><\/figcaption><\/figure><div class=\"fg-loader\"><\/div><\/div><div class=\"fg-item fg-type-image fg-idle\"><figure class=\"fg-item-inner\"><a href=\"http:\/\/www.der-probsteier-baecker.de\/wp-content\/uploads\/2018\/05\/I-Phone-Dez-11-224.jpg\" target=\"foobox\" data-caption-title=\"Br\u00f6tchen vom Probsteier B\u00e4cker\" data-caption-desc=\"Br\u00f6tchen vom Probsteier B\u00e4cker: Geschmackvoll von der Krume bis ins Korn.\" data-attachment-id=\"120\" data-type=\"image\" class=\"fg-thumb\"><span class=\"fg-image-wrap\"><img title=\"Br\u00f6tchen vom Probsteier B\u00e4cker\" width=\"150\" height=\"150\" class=\"skip-lazy fg-image\" data-src-fg=\"http:\/\/www.der-probsteier-baecker.de\/wp-content\/uploads\/cache\/2018\/05\/I-Phone-Dez-11-224\/1394853129.jpg\" src=\"data:image\/svg+xml,%3Csvg%20xmlns%3D%22http%3A%2F%2Fwww.w3.org%2F2000%2Fsvg%22%20width%3D%22150%22%20height%3D%22150%22%20viewBox%3D%220%200%20150%20150%22%3E%3C%2Fsvg%3E\" loading=\"eager\"><\/span><span class=\"fg-image-overlay\"><\/span><\/a><figcaption class=\"fg-caption\"><div class=\"fg-caption-inner\"><div class=\"fg-caption-title\">Br\u00f6tchen vom Probsteier B\u00e4cker<\/div><div class=\"fg-caption-desc\">Br\u00f6tchen vom Probsteier B\u00e4cker: Geschmackvoll von der Krume bis ins Korn.<\/div><\/div><\/figcaption><\/figure><div class=\"fg-loader\"><\/div><\/div><\/div>\n\n","protected":false},"excerpt":{"rendered":"<p>Herzlich willkommen beim Probsteier B\u00e4cker. Auf dieser Seite m\u00f6chten wir ihnen gern eine Auswahl unserer Br\u00f6tchenspezialit\u00e4ten vorstellen. Belegte Br\u00f6tchen Br\u00f6tchen<\/p>\n","protected":false},"author":1,"featured_media":0,"parent":0,"menu_order":0,"comment_status":"closed","ping_status":"closed","template":"","meta":[],"yoast_head":"<!-- This site is optimized with the Yoast SEO plugin v16.1.1 - https:\/\/yoast.com\/wordpress\/plugins\/seo\/ -->\n<title>Produkte | Der Probsteier B\u00e4cker<\/title>\n<link rel=\"canonical\" href=\"http:\/\/www.der-probsteier-baecker.de\/?page_id=9\" \/>\n<meta property=\"og:locale\" content=\"de_DE\" \/>\n<meta property=\"og:type\" content=\"article\" \/>\n<meta property=\"og:title\" content=\"Produkte | Der Probsteier B\u00e4cker\" \/>\n<meta property=\"og:description\" content=\"Herzlich willkommen beim Probsteier B\u00e4cker. Auf dieser Seite m\u00f6chten wir ihnen gern eine Auswahl unserer Br\u00f6tchenspezialit\u00e4ten vorstellen. Belegte Br\u00f6tchen Br\u00f6tchen\" \/>\n<meta property=\"og:url\" content=\"http:\/\/www.der-probsteier-baecker.de\/?page_id=9\" \/>\n<meta property=\"og:site_name\" content=\"Der Probsteier B\u00e4cker\" \/>\n<meta property=\"article:modified_time\" content=\"2018-05-21T15:50:55+00:00\" \/>\n<meta name=\"twitter:card\" content=\"summary_large_image\" \/>\n<script type=\"application\/ld+json\" class=\"yoast-schema-graph\">{\"@context\":\"https:\/\/schema.org\",\"@graph\":[{\"@type\":\"Organization\",\"@id\":\"http:\/\/www.der-probsteier-baecker.de\/#organization\",\"name\":\"Der Probsteier B\\u00e4cker\",\"url\":\"http:\/\/www.der-probsteier-baecker.de\/\",\"sameAs\":[],\"logo\":{\"@type\":\"ImageObject\",\"@id\":\"http:\/\/www.der-probsteier-baecker.de\/#logo\",\"inLanguage\":\"de\",\"url\":\"http:\/\/www.der-probsteier-baecker.de\/wp-content\/uploads\/2018\/05\/probsteierbaeckerlogotransparency.gif\",\"contentUrl\":\"http:\/\/www.der-probsteier-baecker.de\/wp-content\/uploads\/2018\/05\/probsteierbaeckerlogotransparency.gif\",\"width\":654,\"height\":600,\"caption\":\"Der Probsteier B\\u00e4cker\"},\"image\":{\"@id\":\"http:\/\/www.der-probsteier-baecker.de\/#logo\"}},{\"@type\":\"WebSite\",\"@id\":\"http:\/\/www.der-probsteier-baecker.de\/#website\",\"url\":\"http:\/\/www.der-probsteier-baecker.de\/\",\"name\":\"Der Probsteier B\\u00e4cker\",\"description\":\"Frisch wie der Morgen\",\"publisher\":{\"@id\":\"http:\/\/www.der-probsteier-baecker.de\/#organization\"},\"potentialAction\":[{\"@type\":\"SearchAction\",\"target\":\"http:\/\/www.der-probsteier-baecker.de\/?s={search_term_string}\",\"query-input\":\"required name=search_term_string\"}],\"inLanguage\":\"de\"},{\"@type\":\"WebPage\",\"@id\":\"http:\/\/www.der-probsteier-baecker.de\/?page_id=9#webpage\",\"url\":\"http:\/\/www.der-probsteier-baecker.de\/?page_id=9\",\"name\":\"Produkte | Der Probsteier B\\u00e4cker\",\"isPartOf\":{\"@id\":\"http:\/\/www.der-probsteier-baecker.de\/#website\"},\"datePublished\":\"2018-04-18T17:30:52+00:00\",\"dateModified\":\"2018-05-21T15:50:55+00:00\",\"breadcrumb\":{\"@id\":\"http:\/\/www.der-probsteier-baecker.de\/?page_id=9#breadcrumb\"},\"inLanguage\":\"de\",\"potentialAction\":[{\"@type\":\"ReadAction\",\"target\":[\"http:\/\/www.der-probsteier-baecker.de\/?page_id=9\"]}]},{\"@type\":\"BreadcrumbList\",\"@id\":\"http:\/\/www.der-probsteier-baecker.de\/?page_id=9#breadcrumb\",\"itemListElement\":[{\"@type\":\"ListItem\",\"position\":1,\"item\":{\"@type\":\"WebPage\",\"@id\":\"http:\/\/www.der-probsteier-baecker.de\/\",\"url\":\"http:\/\/www.der-probsteier-baecker.de\/\",\"name\":\"Startseite\"}},{\"@type\":\"ListItem\",\"position\":2,\"item\":{\"@type\":\"WebPage\",\"@id\":\"http:\/\/www.der-probsteier-baecker.de\/?page_id=9\",\"url\":\"http:\/\/www.der-probsteier-baecker.de\/?page_id=9\",\"name\":\"Produkte\"}}]}]}<\/script>\n<!-- \/ Yoast SEO plugin. -->","_links":{"self":[{"href":"http:\/\/www.der-probsteier-baecker.de\/index.php?rest_route=\/wp\/v2\/pages\/9"}],"collection":[{"href":"http:\/\/www.der-probsteier-baecker.de\/index.php?rest_route=\/wp\/v2\/pages"}],"about":[{"href":"http:\/\/www.der-probsteier-baecker.de\/index.php?rest_route=\/wp\/v2\/types\/page"}],"author":[{"embeddable":true,"href":"http:\/\/www.der-probsteier-baecker.de\/index.php?rest_route=\/wp\/v2\/users\/1"}],"replies":[{"embeddable":true,"href":"http:\/\/www.der-probsteier-baecker.de\/index.php?rest_route=%2Fwp%2Fv2%2Fcomments&post=9"}],"version-history":[{"count":6,"href":"http:\/\/www.der-probsteier-baecker.de\/index.php?rest_route=\/wp\/v2\/pages\/9\/revisions"}],"predecessor-version":[{"id":125,"href":"http:\/\/www.der-probsteier-baecker.de\/index.php?rest_route=\/wp\/v2\/pages\/9\/revisions\/125"}],"wp:attachment":[{"href":"http:\/\/www.der-probsteier-baecker.de\/index.php?rest_route=%2Fwp%2Fv2%2Fmedia&parent=9"}],"curies":[{"name":"wp","href":"https:\/\/api.w.org\/{rel}","templated":true}]}}